{"id":483,"date":"2024-12-03T21:32:05","date_gmt":"2024-12-03T20:32:05","guid":{"rendered":"https:\/\/lw-vt.de\/?page_id=483"},"modified":"2025-01-08T20:23:37","modified_gmt":"2025-01-08T19:23:37","slug":"dienstleistungen","status":"publish","type":"page","link":"https:\/\/lw-vt.de\/?page_id=483","title":{"rendered":"Dienstleistungen"},"content":{"rendered":"\n<h2 class=\"wp-block-heading has-text-align-left\">Vereinsjubil\u00e4en \/ Festzelte<\/h2>\n\n\n\n<ul class=\"wp-block-list\">\n<li>Festzeltbeschallung und B\u00fchnenbeleuchtung<\/li>\n\n\n\n<li>Festgottesdienstbeschallung<\/li>\n\n\n\n<li>Beschallung \/ Beleuchtung f\u00fcr Barzelt<\/li>\n\n\n\n<li>Beschallung f\u00fcr Begr\u00fc\u00dfung<\/li>\n<\/ul>\n\n\n\n<ul class=\"wp-block-list\">\n<li>Interesse? <a href=\"https:\/\/lw-vt.de\/?page_id=320\">Hier finden Sie weitere Informationen<\/a><br><\/li>\n<\/ul>\n\n\n\n<h2 class=\"wp-block-heading\">Party \/ Event<\/h2>\n\n\n\n<ul class=\"wp-block-list\">\n<li>Beschallungen<\/li>\n\n\n\n<li>Mobile B\u00fchnen<\/li>\n\n\n\n<li>Showlicht<\/li>\n\n\n\n<li>Ambientbeleuchtung<\/li>\n<\/ul>\n\n\n\n<h2 class=\"wp-block-heading\">Sportevents<\/h2>\n\n\n\n<ul class=\"wp-block-list\">\n<li>Beschallung gro\u00dfer Fl\u00e4chen, z.B. f\u00fcr Motorradrennen<\/li>\n\n\n\n<li>Planung und Ausf\u00fchrung der Signalverteilung<\/li>\n\n\n\n<li>Beleuchtung und Medientechnik, z.B. f\u00fcr Boxevents.<\/li>\n<\/ul>\n\n\n\n<h2 class=\"wp-block-heading\">Firmenveranstaltungen<\/h2>\n\n\n\n<ul class=\"wp-block-list\">\n<li>Full-Service-Dienstleistung inkl. Beratung<\/li>\n\n\n\n<li>Beschallungs- und Medientechnik f\u00fcr Betriebsversammlungen<\/li>\n\n\n\n<li>Showtechnik z.B. f\u00fcr Firmenfeste, Weihnachtsfeiern<\/li>\n<\/ul>\n\n\n\n<h2 class=\"wp-block-heading\">Installation<\/h2>\n\n\n\n<ul class=\"wp-block-list\">\n<li>Vorabberatung f\u00fcr Installationen im Audio- Licht- und Medienbereich<\/li>\n\n\n\n<li>Ausf\u00fchrung von Installationen<\/li>\n\n\n\n<li>Dokumentation und Support nach Ausf\u00fchrung<\/li>\n<\/ul>\n\n\n\n<h2 class=\"wp-block-heading\">Privatveranstaltungen<\/h2>\n\n\n\n<ul class=\"wp-block-list\">\n<li>Beschallung und Beleuchtung z.B. f\u00fcr Hochzeiten, Geburtstagsfeiern<\/li>\n\n\n\n<li>Kleinere Systeme inklusive Aufbau und Einweisung, Bedienung durch Kunden<\/li>\n<\/ul>\n","protected":false},"excerpt":{"rendered":"<p>Vereinsjubil\u00e4en \/ Festzelte Party \/ Event Sportevents Firmenveranstaltungen Installation Privatveranstaltungen<\/p>\n","protected":false},"author":1,"featured_media":0,"parent":0,"menu_order":0,"comment_status":"closed","ping_status":"closed","template":"","meta":{"footnotes":""},"class_list":["post-483","page","type-page","status-publish","hentry"],"_links":{"self":[{"href":"https:\/\/lw-vt.de\/index.php?rest_route=\/wp\/v2\/pages\/483","targetHints":{"allow":["GET"]}}],"collection":[{"href":"https:\/\/lw-vt.de\/index.php?rest_route=\/wp\/v2\/pages"}],"about":[{"href":"https:\/\/lw-vt.de\/index.php?rest_route=\/wp\/v2\/types\/page"}],"author":[{"embeddable":true,"href":"https:\/\/lw-vt.de\/index.php?rest_route=\/wp\/v2\/users\/1"}],"replies":[{"embeddable":true,"href":"https:\/\/lw-vt.de\/index.php?rest_route=%2Fwp%2Fv2%2Fcomments&post=483"}],"version-history":[{"count":2,"href":"https:\/\/lw-vt.de\/index.php?rest_route=\/wp\/v2\/pages\/483\/revisions"}],"predecessor-version":[{"id":522,"href":"https:\/\/lw-vt.de\/index.php?rest_route=\/wp\/v2\/pages\/483\/revisions\/522"}],"wp:attachment":[{"href":"https:\/\/lw-vt.de\/index.php?rest_route=%2Fwp%2Fv2%2Fmedia&parent=483"}],"curies":[{"name":"wp","href":"https:\/\/api.w.org\/{rel}","templated":true}]}}